{"id":728,"date":"2018-06-28T16:29:46","date_gmt":"2018-06-28T19:29:46","guid":{"rendered":"https:\/\/isfd77-bue.infd.edu.ar\/sitio\/tecnicatura-superior-en-comunicacion-social\/"},"modified":"2019-02-05T21:09:43","modified_gmt":"2019-02-06T00:09:43","slug":"tecnicatura-superior-en-comunicacion-social","status":"publish","type":"page","link":"https:\/\/isfd77-bue.infd.edu.ar\/sitio\/tecnicatura-superior-en-comunicacion-social\/","title":{"rendered":"Tecnicatura Superior en Comunicaci\u00f3n Social"},"content":{"rendered":"<h1 style=\"text-align: left;\"><span style=\"font-family: georgia, palatino; font-size: 14pt;\"><strong>TECNICATURA SUPERIOR EN COMUNICACI\u00d3N SOCIAL PARA EL DESARROLLO<\/strong><\/span><\/h1>\n<h1 style=\"text-align: center;\"><span style=\"font-family: georgia, palatino; font-size: 14pt;\"><strong><span style=\"text-decoration: underline;\">T\u00cdTULO:<\/span> T<span style=\"font-size: 12pt;\">\u00c9CNICO SUPERIOR EN\u00a0 COMUNICACI\u00d3N SOCIAL PARA EL DESARROLLO<\/span><\/strong><\/span><\/h1>\n<h5 style=\"text-align: left;\"><span style=\"font-family: georgia, palatino; font-size: 12pt;\"><strong><span style=\"text-decoration: underline;\">MODALIDAD:<\/span><\/strong> Presencial<\/span><\/h5>\n<h6 style=\"text-align: left;\"><span style=\"font-family: georgia, palatino; font-size: 12pt;\"><strong><span style=\"text-decoration: underline;\">DURACI\u00d3N:<\/span> 3 a\u00f1os<\/strong><\/span><\/h6>\n<h3 style=\"text-align: left;\"><span style=\"font-family: georgia, palatino; font-size: 12pt;\">Perfil Profesional<\/span><\/h3>\n<h1 style=\"text-align: left;\"><span style=\"font-family: georgia, palatino; font-size: 12pt;\"><strong>COMPETENCIA GENERAL<\/strong><\/span><\/h1>\n<p style=\"text-align: left;\"><span style=\"font-family: georgia, palatino;\">El T\u00e9cnico Superior en Comunicaci\u00f3n Social estar\u00e1 capacitado para planificar y realizar estrategias de comunicaci\u00f3n en los diversos medios de comunicaci\u00f3n existentes y que ayuden a fortalecer el desarrollo, conocimiento, comprensi\u00f3n y difusi\u00f3n de informaci\u00f3n, ideas, actividades, formaci\u00f3n de redes sociales y valoraci\u00f3n de s\u00ed y de la comunidad, asumiendo una posici\u00f3n reflexiva sobre el lugar social que el comunicador y sus producciones ocupan.<\/span><\/p>\n<p class=\"Estilo\" style=\"text-align: left;\"><span style=\"font-family: georgia, palatino;\"><strong>\u00c1reas de competencia: <\/strong><\/span><\/p>\n<ul style=\"text-align: left;\">\n<li><span style=\"font-family: georgia, palatino;\">Dise\u00f1ar, gestionar y producir notas, programas y otros proyectos o estrategias de comunicaci\u00f3n aptas para los diferentes medios de comunicaci\u00f3n tradicionales (radios, diarios, televisi\u00f3n, documentales, eventos) y para los nuevos g\u00e9neros y tecnolog\u00edas de la comunicaci\u00f3n (Internet, celulares, pel\u00edculas digitales, etc.), conociendo y empleando cr\u00edtica y reflexivamente sus herramientas y lenguajes tecnol\u00f3gicos propios.\u00a0\u00a0<\/span><\/li>\n<li><span style=\"font-family: georgia, palatino;\">Desarrollar estrategias de recopilaci\u00f3n, difusi\u00f3n y empleo de g\u00e9neros, estructuras y estrategias narrativas period\u00edsticas y de otras formas de expresi\u00f3n (artes pl\u00e1sticas, m\u00fasica, danza, video, mitolog\u00eda, relatos folkl\u00f3ricos) del acervo universal y\/o local, contempor\u00e1neas y\/o hist\u00f3ricas, con el fin de ampliar su propia capacidad comunicativa y la de sus espectadores, oyentes y lectores.<\/span><\/li>\n<li><span style=\"font-family: georgia, palatino;\">Dise\u00f1ar y concretar estrategias de producci\u00f3n, obtenci\u00f3n de fondos, financiaci\u00f3n, organizaci\u00f3n, y gesti\u00f3n tradicionales o independientes, que les permitan concretar y difundir sus producciones no s\u00f3lo en los medios de comunicaci\u00f3n tradicionales sino tambi\u00e9n en forma independiente y en la comunidad<\/span><\/li>\n<li><span style=\"font-family: georgia, palatino;\">Dise\u00f1ar y gestionar estrategias de articulaci\u00f3n con grupos, individuos o instituciones de la comunidad, favoreciendo la producci\u00f3n de medios y mensajes y la difusi\u00f3n y capacitaci\u00f3n de miembros de\u00a0 la comunidad, para la socializaci\u00f3n de los conocimientos adquiridos y de las actividades, producciones o problem\u00e1ticas locales.<\/span><\/li>\n<\/ul>\n<pre><u><a href=\"https:\/\/comunicacionisfd77.wixsite.com\/comunicacionsocial\"><em>Para m\u00e1s informaci\u00f3n visit\u00e1 la p\u00e1gina desarrollada por los alumnos de comunicaci\u00f3n.<\/em><\/a><\/u><\/pre>\n","protected":false},"excerpt":{"rendered":"<p>TECNICATURA SUPERIOR EN COMUNICACI\u00d3N SOCIAL PARA EL DESARROLLO T\u00cdTULO: T\u00c9CNICO SUPERIOR EN\u00a0 COMUNICACI\u00d3N SOCIAL PARA EL DESARROLLO MODALIDAD: Presencial DURACI\u00d3N: 3 a\u00f1os Perfil Profesional COMPETENCIA GENERAL El T\u00e9cnico Superior en Comunicaci\u00f3n Social estar\u00e1 capacitado para planificar y realizar estrategias de comunicaci\u00f3n en los diversos medios de comunicaci\u00f3n existentes y que ayuden a fortalecer el desarrollo, &#8230; <a title=\"Tecnicatura Superior en Comunicaci\u00f3n Social\" class=\"read-more\" href=\"https:\/\/isfd77-bue.infd.edu.ar\/sitio\/tecnicatura-superior-en-comunicacion-social\/\" aria-label=\"More on Tecnicatura Superior en Comunicaci\u00f3n Social\">[+]<\/a><\/p>\n","protected":false},"author":1201,"featured_media":0,"parent":0,"menu_order":0,"comment_status":"closed","ping_status":"closed","template":"","meta":[],"acf":[],"_links":{"self":[{"href":"https:\/\/isfd77-bue.infd.edu.ar\/sitio\/wp-json\/wp\/v2\/pages\/728"}],"collection":[{"href":"https:\/\/isfd77-bue.infd.edu.ar\/sitio\/wp-json\/wp\/v2\/pages"}],"about":[{"href":"https:\/\/isfd77-bue.infd.edu.ar\/sitio\/wp-json\/wp\/v2\/types\/page"}],"author":[{"embeddable":true,"href":"https:\/\/isfd77-bue.infd.edu.ar\/sitio\/wp-json\/wp\/v2\/users\/1201"}],"replies":[{"embeddable":true,"href":"https:\/\/isfd77-bue.infd.edu.ar\/sitio\/wp-json\/wp\/v2\/comments?post=728"}],"version-history":[{"count":5,"href":"https:\/\/isfd77-bue.infd.edu.ar\/sitio\/wp-json\/wp\/v2\/pages\/728\/revisions"}],"predecessor-version":[{"id":882,"href":"https:\/\/isfd77-bue.infd.edu.ar\/sitio\/wp-json\/wp\/v2\/pages\/728\/revisions\/882"}],"wp:attachment":[{"href":"https:\/\/isfd77-bue.infd.edu.ar\/sitio\/wp-json\/wp\/v2\/media?parent=728"}],"curies":[{"name":"wp","href":"https:\/\/api.w.org\/{rel}","templated":true}]}}