{"id":730,"date":"2018-06-28T16:29:47","date_gmt":"2018-06-28T19:29:47","guid":{"rendered":"https:\/\/isfd77-bue.infd.edu.ar\/sitio\/tecnicatura-superior-en-trabajo-social\/"},"modified":"2019-02-05T21:11:15","modified_gmt":"2019-02-06T00:11:15","slug":"tecnicatura-superior-en-trabajo-social","status":"publish","type":"page","link":"https:\/\/isfd77-bue.infd.edu.ar\/sitio\/tecnicatura-superior-en-trabajo-social\/","title":{"rendered":"Tecnicatura Superior en Trabajo Social"},"content":{"rendered":"<h6 style=\"text-align: center;\"><span style=\"text-decoration: underline;\"><span style=\"font-size: 14pt; font-family: georgia,palatino;\">TECNICATURA SUPERIOR EN TRABAJO SOCIAL<\/span><\/span><\/h6>\n<p style=\"text-align: left;\"><span style=\"font-family: georgia,palatino; font-size: 12pt;\"><strong>RESOLUCI\u00d3N MINISTERIAL: 1666\/06<\/strong><\/span><\/p>\n<p style=\"text-align: left;\"><span style=\"font-family: georgia,palatino; font-size: 12pt;\"><strong><span style=\"text-decoration: underline;\">T\u00cdTULO:<\/span> TRABAJADOR SOCIAL<\/strong><\/span><\/p>\n<p style=\"text-align: left;\"><span style=\"font-family: georgia, palatino; font-size: 14pt;\"><strong><br \/>\nPERFIL PROFESIONAL <\/strong><\/span><\/p>\n<p style=\"text-align: left;\"><span style=\"font-family: georgia, palatino; font-size: 12pt;\">El Trabajador Social es un profesional competente para intervenir en diferentes espacios\u00a0 gubernamentales y no gubernamentales; capacitado para el abordaje de problem\u00e1ticas sociales e implementar alternativas de resoluci\u00f3n instrumentando metodolog\u00edas de la investigaci\u00f3n, elaborando diagn\u00f3sticos y planificaciones; asesorando, gestionando y coordinando acciones y recursos a trav\u00e9s de la sistematizaci\u00f3n de su pr\u00e1ctica profesional.<\/span><\/p>\n<p style=\"text-align: left;\">\n<p style=\"text-align: left;\"><span style=\"font-family: georgia, palatino; font-size: 12pt;\">Planificar, Orientar, Asesorar, Organizar, Conducir, Coordinar, Administrar y Evaluar acciones institucionales en diferentes niveles de funcionamiento y de decisi\u00f3n pol\u00edtica.<\/span><\/p>\n<p style=\"text-align: left;\">\n<p style=\"text-align: left;\"><span style=\"font-family: georgia, palatino; font-size: 12pt;\">Orientar, supervisar y capacitar equipos de trabajo.<\/span><\/p>\n<p style=\"text-align: left;\"><span style=\"font-family: georgia, palatino; font-size: 12pt;\">Organizar y coordinar actividades en instituciones con proyecci\u00f3n a la comunidad.<\/span><\/p>\n<p style=\"text-align: left;\"><span style=\"font-family: georgia, palatino; font-size: 12pt;\">Trabajar en redes, optimizando el uso de los recursos existentes.\u00a0<\/span><\/p>\n<p style=\"text-align: left;\"><span style=\"font-family: georgia, palatino; font-size: 12pt;\">Intervenir en y desde instituciones gubernamentales y no gubernamentales. Generar trabajo independiente.<\/span><\/p>\n<p style=\"text-align: left;\">\n<p style=\"text-align: left;\"><span style=\"font-family: georgia, palatino; font-size: 12pt;\">Gestionar recursos y acciones propias de sus actividades profesionales.\u00a0<\/span><\/p>\n<ul style=\"text-align: left;\">\n<li><span style=\"font-family: georgia, palatino; font-size: 12pt;\">Generar, potenciar y\/ o fortalecer procesos de formaci\u00f3n comunitaria e institucional articulando necesidades e intereses de los sectores que participan del mismo y los objetivos de la instituci\u00f3n, tendiendo a la satisfacci\u00f3n y legitimaci\u00f3n de los Derechos Humanos.\u00a0 <\/span><\/li>\n<li><span style=\"font-family: georgia, palatino; font-size: 12pt;\">Manejar instrumentos que ofrecen la comunicaci\u00f3n y la inform\u00e1tica. <\/span><\/li>\n<li><span style=\"font-family: georgia, palatino; font-size: 12pt;\">Gestionar y administrar organizaciones sociales que atienden distintas problem\u00e1ticas.\u00a0 <\/span><\/li>\n<li><span style=\"font-family: georgia, palatino; font-size: 12pt;\">Conformar equipos de capacitaci\u00f3n en gesti\u00f3n para los recursos <\/span><\/li>\n<\/ul>\n<p style=\"text-align: left;\"><span style=\"font-family: georgia, palatino; font-size: 12pt;\">humanos.\u00a0<\/span><\/p>\n<ul style=\"text-align: left;\">\n<li><span style=\"font-family: georgia, palatino; font-size: 12pt;\">Participar en la gesti\u00f3n de Pol\u00edticas Sociales Estatales y no Estatales. <\/span><\/li>\n<\/ul>\n<p style=\"text-align: left;\">\n<p style=\"text-align: left;\"><span style=\"font-family: georgia, palatino; font-size: 12pt;\">\u00a0Sistematizar la pr\u00e1ctica profesional.\u00a0\u00a0<\/span><\/p>\n<ul style=\"text-align: left;\">\n<li><span style=\"font-family: georgia, palatino; font-size: 12pt;\">Elaborar informes, diagn\u00f3sticos sociales y estrategias de intervenci\u00f3n profesional en diferentes instancias del campo social relacionadas a situaciones problem\u00e1ticas abordadas. <\/span><\/li>\n<li><span style=\"font-family: georgia, palatino; font-size: 12pt;\">Fortalecer espacios de conocimientos e intervenci\u00f3n desde pr\u00e1cticas interdisciplinarias, a trav\u00e9s de estrategias promocionales autogestionarias, preventivas, asistenciales y de emergencia. <\/span><\/li>\n<li><span style=\"font-family: georgia, palatino; font-size: 12pt;\">Realizar aportes desde la especificidad profesional en equipos <\/span><\/li>\n<\/ul>\n<p style=\"text-align: left;\"><span style=\"font-family: georgia, palatino; font-size: 12pt;\">interdisciplinarios con relaci\u00f3n a la lectura, an\u00e1lisis e identificaci\u00f3n de la situaci\u00f3n abordada.<\/span><\/p>\n<ul style=\"text-align: left;\">\n<li><span style=\"font-family: georgia, palatino; font-size: 12pt;\">Incorporar los aspectos socio-econ\u00f3mico-pol\u00edtico-culturales que <\/span><\/li>\n<\/ul>\n<p style=\"text-align: left;\"><span style=\"font-family: georgia, palatino; font-size: 12pt;\">condicionan la situaci\u00f3n abordada.<\/span><\/p>\n<ul style=\"text-align: left;\">\n<li><span style=\"font-family: georgia, palatino; font-size: 12pt;\">Incorporar en los equipos interdisciplinarios la metodolog\u00eda de trabajo en sus dos dimensiones: al interior del equipo y en el abordaje de la situaci\u00f3n concreta. <\/span><\/li>\n<\/ul>\n<p style=\"text-align: left;\">\n<p style=\"text-align: left;\"><span style=\"text-decoration: underline;\"><span style=\"font-family: georgia, palatino; font-size: 14pt;\"><strong>\u00c1REA OCUPACIONAL<\/strong><\/span><\/span><span style=\"font-family: georgia, palatino; font-size: 14pt;\"><strong><\/p>\n<p>El trabajador social podr\u00e1 desempe\u00f1arse: <\/strong><\/span><\/p>\n<p style=\"text-align: left;\"><span style=\"font-family: georgia, palatino; font-size: 12pt;\">\u2022\u00a0 en organizaciones gubernamentales y no gubernamentales de distinto tipo y tama\u00f1o\u00a0<\/span><\/p>\n<p style=\"text-align: left;\"><span style=\"font-family: georgia, palatino; font-size: 12pt;\">\u2022\u00a0 en funciones y roles diversos de acuerdo a las caracter\u00edsticas de las<\/span><\/p>\n<p style=\"text-align: left;\"><span style=\"font-family: georgia, palatino; font-size: 12pt;\">organizaciones, realizando peritajes, informes sociales y mediaci\u00f3n;<\/span><\/p>\n<p style=\"text-align: left;\"><span style=\"font-family: georgia, palatino; font-size: 12pt;\">\u2022\u00a0 en programas y proyectos en el marco de Pol\u00edticas Sociales estatales y no estatales y;<\/span><\/p>\n<p style=\"text-align: left;\"><span style=\"font-family: georgia, palatino; font-size: 12pt;\">\u2022\u00a0 participando en procesos de organizaci\u00f3n comunitaria y en equipos de trabajo.<\/span><\/p>\n","protected":false},"excerpt":{"rendered":"<p>TECNICATURA SUPERIOR EN TRABAJO SOCIAL RESOLUCI\u00d3N MINISTERIAL: 1666\/06 T\u00cdTULO: TRABAJADOR SOCIAL PERFIL PROFESIONAL El Trabajador Social es un profesional competente para intervenir en diferentes espacios\u00a0 gubernamentales y no gubernamentales; capacitado para el abordaje de problem\u00e1ticas sociales e implementar alternativas de resoluci\u00f3n instrumentando metodolog\u00edas de la investigaci\u00f3n, elaborando diagn\u00f3sticos y planificaciones; asesorando, gestionando y coordinando acciones &#8230; <a title=\"Tecnicatura Superior en Trabajo Social\" class=\"read-more\" href=\"https:\/\/isfd77-bue.infd.edu.ar\/sitio\/tecnicatura-superior-en-trabajo-social\/\" aria-label=\"More on Tecnicatura Superior en Trabajo Social\">[+]<\/a><\/p>\n","protected":false},"author":1201,"featured_media":0,"parent":0,"menu_order":0,"comment_status":"closed","ping_status":"closed","template":"","meta":[],"acf":[],"_links":{"self":[{"href":"https:\/\/isfd77-bue.infd.edu.ar\/sitio\/wp-json\/wp\/v2\/pages\/730"}],"collection":[{"href":"https:\/\/isfd77-bue.infd.edu.ar\/sitio\/wp-json\/wp\/v2\/pages"}],"about":[{"href":"https:\/\/isfd77-bue.infd.edu.ar\/sitio\/wp-json\/wp\/v2\/types\/page"}],"author":[{"embeddable":true,"href":"https:\/\/isfd77-bue.infd.edu.ar\/sitio\/wp-json\/wp\/v2\/users\/1201"}],"replies":[{"embeddable":true,"href":"https:\/\/isfd77-bue.infd.edu.ar\/sitio\/wp-json\/wp\/v2\/comments?post=730"}],"version-history":[{"count":1,"href":"https:\/\/isfd77-bue.infd.edu.ar\/sitio\/wp-json\/wp\/v2\/pages\/730\/revisions"}],"predecessor-version":[{"id":884,"href":"https:\/\/isfd77-bue.infd.edu.ar\/sitio\/wp-json\/wp\/v2\/pages\/730\/revisions\/884"}],"wp:attachment":[{"href":"https:\/\/isfd77-bue.infd.edu.ar\/sitio\/wp-json\/wp\/v2\/media?parent=730"}],"curies":[{"name":"wp","href":"https:\/\/api.w.org\/{rel}","templated":true}]}}