{"id":751,"date":"2018-06-28T16:29:56","date_gmt":"2018-06-28T19:29:56","guid":{"rendered":"https:\/\/isfd77-bue.infd.edu.ar\/sitio\/plan-de-estudios\/"},"modified":"2019-02-05T21:15:19","modified_gmt":"2019-02-06T00:15:19","slug":"plan-de-estudios","status":"publish","type":"page","link":"https:\/\/isfd77-bue.infd.edu.ar\/sitio\/plan-de-estudios\/","title":{"rendered":"Plan de estudios"},"content":{"rendered":"<h3>Tecnicatura en comunicaci\u00f3n social para el desarrollo social<\/h3>\n<pre><u><a href=\"https:\/\/comunicacionisfd77.wixsite.com\/comunicacionsocial\"><em>Para m\u00e1s informaci\u00f3n visit\u00e1 la p\u00e1gina desarrollada por los alumnos de comunicaci\u00f3n.<\/em><\/a><\/u><\/pre>\n<p><span style=\"font-family: georgia, palatino; font-size: 12pt;\"><strong>1\u00baa\u00f1o<\/strong><\/span><\/p>\n<p><span style=\"font-family: georgia, palatino; font-size: 12pt;\"><strong>\u00a0<\/strong><\/span><span style=\"font-family: georgia, palatino; font-size: 12pt;\">Estado y Sociedad<\/span><\/p>\n<p><span style=\"font-family: georgia, palatino; font-size: 12pt;\">Producci\u00f3n oral y escrita<\/span><\/p>\n<p><span style=\"font-family: georgia, palatino; font-size: 12pt;\">Problemas Filos\u00f3ficos Contempor\u00e1neos<\/span><\/p>\n<p><span style=\"font-family: georgia, palatino; font-size: 12pt;\">Metodolog\u00eda de la investigaci\u00f3n social<\/span><\/p>\n<p><span style=\"font-family: georgia, palatino; font-size: 12pt;\">Tecnolog\u00edas de la Informaci\u00f3n y Comunicaci\u00f3n<\/span><\/p>\n<p><span style=\"font-family: georgia, palatino; font-size: 12pt;\">Semi\u00f3tica<\/span><\/p>\n<p><span style=\"font-family: georgia, palatino; font-size: 12pt;\">Teor\u00eda y procesos de la Comunicaci\u00f3n Social<\/span><\/p>\n<p><span style=\"font-family: georgia, palatino; font-size: 12pt;\">Pr\u00e1ctica Profesional I. Periodismo Gr\u00e1fico<\/span><\/p>\n<p><span style=\"font-family: georgia, palatino; font-size: 12pt;\"><strong>2 a\u00f1o<\/strong><\/span><\/p>\n<p><span style=\"font-family: georgia, palatino; font-size: 12pt;\">Procesos Pol\u00edticos y Mundo del Trabajo<\/span><\/p>\n<p><span style=\"font-family: georgia, palatino; font-size: 12pt;\">Medios y ciudadan\u00eda<\/span><\/p>\n<p><span style=\"font-family: georgia, palatino; font-size: 12pt;\">Introducci\u00f3n al An\u00e1lisis del Discurso<\/span><\/p>\n<p><span style=\"font-family: georgia, palatino; font-size: 12pt;\">Corrientes Art\u00edsticas Contempor\u00e1neas<\/span><\/p>\n<p><span style=\"font-family: georgia, palatino; font-size: 12pt;\">Teor\u00eda y procesos de la Comunicaci\u00f3n Social II<\/span><\/p>\n<p><span style=\"font-family: georgia, palatino; font-size: 12pt;\">Lenguaje Audiovisual<\/span><\/p>\n<p><span style=\"font-family: georgia, palatino; font-size: 12pt;\">Espacio de definici\u00f3n Institucional: Antropolog\u00eda y el Desarrollo local.<\/span><\/p>\n<p><span style=\"font-family: georgia, palatino; font-size: 12pt;\">Pr\u00e1ctica Profesional II. Periodismo radial<\/span><\/p>\n<p><span style=\"font-family: georgia, palatino; font-size: 12pt;\"><strong>\u00a0<\/strong><\/span><span style=\"font-family: georgia, palatino; font-size: 12pt;\"><strong>3\u00ba a\u00f1o<\/strong><\/span><\/p>\n<p><span style=\"font-family: georgia, palatino; font-size: 12pt;\">Problem\u00e1ticas Socioculturales Contempor\u00e1neas<\/span><\/p>\n<p><span style=\"font-family: georgia, palatino; font-size: 12pt;\">Derecho a la informaci\u00f3n<\/span><\/p>\n<p><span style=\"font-family: georgia, palatino; font-size: 12pt;\">Deontolog\u00eda y \u00c9tica Profesional<\/span><\/p>\n<p><span style=\"font-family: georgia, palatino; font-size: 12pt;\">Investigaci\u00f3n Period\u00edstica<\/span><\/p>\n<p><span style=\"font-family: georgia, palatino; font-size: 12pt;\">Gesti\u00f3n de Proyectos de Comunicaci\u00f3n<\/span><\/p>\n<p><span style=\"font-family: georgia, palatino; font-size: 12pt;\">Comunicaci\u00f3n Publicitaria<\/span><\/p>\n<p><span style=\"font-family: georgia, palatino; font-size: 12pt;\">Periodismo Multimedial<\/span><\/p>\n<p><span style=\"font-family: georgia, palatino; font-size: 12pt;\">Espacio de definici\u00f3n Institucional: Locuci\u00f3n<\/span><\/p>\n<p><span style=\"font-family: georgia, palatino; font-size: 12pt;\">Pr\u00e1ctica Profesional III. Periodismo Televisivo<\/span><\/p>\n<p style=\"text-align: center;\"><span style=\"font-size: 12pt; font-family: georgia, palatino;\">\u00a0<\/span><\/p>\n","protected":false},"excerpt":{"rendered":"<p>Tecnicatura en comunicaci\u00f3n social para el desarrollo social Para m\u00e1s informaci\u00f3n visit\u00e1 la p\u00e1gina desarrollada por los alumnos de comunicaci\u00f3n. 1\u00baa\u00f1o \u00a0Estado y Sociedad Producci\u00f3n oral y escrita Problemas Filos\u00f3ficos Contempor\u00e1neos Metodolog\u00eda de la investigaci\u00f3n social Tecnolog\u00edas de la Informaci\u00f3n y Comunicaci\u00f3n Semi\u00f3tica Teor\u00eda y procesos de la Comunicaci\u00f3n Social Pr\u00e1ctica Profesional I. Periodismo Gr\u00e1fico &#8230; <a title=\"Plan de estudios\" class=\"read-more\" href=\"https:\/\/isfd77-bue.infd.edu.ar\/sitio\/plan-de-estudios\/\" aria-label=\"More on Plan de estudios\">[+]<\/a><\/p>\n","protected":false},"author":1201,"featured_media":0,"parent":0,"menu_order":0,"comment_status":"closed","ping_status":"closed","template":"","meta":[],"acf":[],"_links":{"self":[{"href":"https:\/\/isfd77-bue.infd.edu.ar\/sitio\/wp-json\/wp\/v2\/pages\/751"}],"collection":[{"href":"https:\/\/isfd77-bue.infd.edu.ar\/sitio\/wp-json\/wp\/v2\/pages"}],"about":[{"href":"https:\/\/isfd77-bue.infd.edu.ar\/sitio\/wp-json\/wp\/v2\/types\/page"}],"author":[{"embeddable":true,"href":"https:\/\/isfd77-bue.infd.edu.ar\/sitio\/wp-json\/wp\/v2\/users\/1201"}],"replies":[{"embeddable":true,"href":"https:\/\/isfd77-bue.infd.edu.ar\/sitio\/wp-json\/wp\/v2\/comments?post=751"}],"version-history":[{"count":8,"href":"https:\/\/isfd77-bue.infd.edu.ar\/sitio\/wp-json\/wp\/v2\/pages\/751\/revisions"}],"predecessor-version":[{"id":888,"href":"https:\/\/isfd77-bue.infd.edu.ar\/sitio\/wp-json\/wp\/v2\/pages\/751\/revisions\/888"}],"wp:attachment":[{"href":"https:\/\/isfd77-bue.infd.edu.ar\/sitio\/wp-json\/wp\/v2\/media?parent=751"}],"curies":[{"name":"wp","href":"https:\/\/api.w.org\/{rel}","templated":true}]}}