{"id":772,"date":"2018-06-28T16:30:05","date_gmt":"2018-06-28T19:30:05","guid":{"rendered":"https:\/\/isfd77-bue.infd.edu.ar\/sitio\/plan-de-estudio-modalidad-sordos-e-hipoacusicos\/"},"modified":"2019-02-05T21:02:24","modified_gmt":"2019-02-06T00:02:24","slug":"plan-de-estudio-modalidad-sordos-e-hipoacusicos","status":"publish","type":"page","link":"https:\/\/isfd77-bue.infd.edu.ar\/sitio\/plan-de-estudio-modalidad-sordos-e-hipoacusicos\/","title":{"rendered":"Plan de Estudio Modalidad:  Sordos e Hipoac\u00fasicos"},"content":{"rendered":"<p><span style=\"font-family: georgia,palatino; font-size: 12pt;\"><strong>Primer a\u00f1o com\u00fan a todas las orientaciones<\/strong>(intelectual, neuromotora, sordos e hipoac\u00fasicos, ciegos y disminu\u00eddos visuales) <\/span><\/p>\n<p><span style=\"font-family: georgia,palatino; font-size: 12pt;\">Taller de lectura escritura y oralidad <\/span><br \/>\n<span style=\"font-family: georgia,palatino; font-size: 12pt;\">Taller de pensamiento l\u00f3gico matem\u00e1tico <\/span><br \/>\n<span style=\"font-family: georgia,palatino; font-size: 12pt;\">Psicolog\u00eda del Desarrollo y el Aprendizaje <\/span><br \/>\n<span style=\"font-family: georgia,palatino; font-size: 12pt;\">Corporeidad y Motricidad <\/span><br \/>\n<span style=\"font-family: georgia,palatino; font-size: 12pt;\">Filosof\u00eda <\/span><br \/>\n<span style=\"font-family: georgia,palatino; font-size: 12pt;\">Did\u00e1ctica General <\/span><br \/>\n<span style=\"font-family: georgia,palatino; font-size: 12pt;\">Pedagog\u00eda <\/span><br \/>\n<span style=\"font-family: georgia,palatino; font-size: 12pt;\">An\u00e1lisis del Mundo Contempor\u00e1neo <\/span><br \/>\n<span style=\"font-family: georgia,palatino; font-size: 12pt;\">Introducci\u00f3n a la Educaci\u00f3n Especial <\/span><br \/>\n<span style=\"font-family: georgia,palatino; font-size: 12pt;\">Did\u00e1ctica de Pr\u00e1cticas del Lenguaje I <\/span><br \/>\n<span style=\"font-family: georgia,palatino; font-size: 12pt;\">Did\u00e1ctica de la Matem\u00e1tica I <\/span><br \/>\n<span style=\"font-family: georgia,palatino; font-size: 12pt;\">Did\u00e1ctica de las Ciencias Sociales I <\/span><br \/>\n<span style=\"font-family: georgia,palatino; font-size: 12pt;\">Did\u00e1ctica de las Ciencias Naturales I <\/span><br \/>\n<span style=\"font-family: georgia,palatino; font-size: 12pt;\">Campo de la pr\u00e1ctica I<\/span><\/p>\n<h2><span style=\"font-family: georgia,palatino; font-size: 12pt;\">Segundo a\u00f1o \u00a0(Com\u00fan a las orientaciones: intelectual, neuromotora, ciegos y disminu\u00eddos visuales.)<\/span><\/h2>\n<p><span style=\"font-family: georgia,palatino; font-size: 12pt;\"> Psicolog\u00eda del Desarrollo y del Aprendizaje II<strong>\u00a0<\/strong> <\/span><br \/>\n<span style=\"font-family: georgia,palatino; font-size: 12pt;\">Cultura Comunicaci\u00f3n y Educaci\u00f3n <\/span><br \/>\n<span style=\"font-family: georgia,palatino; font-size: 12pt;\">Teor\u00edas Sociopol\u00edticas y Educaci\u00f3n <\/span><br \/>\n<span style=\"font-family: georgia,palatino; font-size: 12pt;\">Did\u00e1ctica y Curr\u00edculum <\/span><br \/>\n<span style=\"font-family: georgia,palatino; font-size: 12pt;\">Neurociencias <\/span><br \/>\n<span style=\"font-family: georgia,palatino; font-size: 12pt;\">Did\u00e1ctica de Pr\u00e1cticas del Lenguaje II <\/span><br \/>\n<span style=\"font-family: georgia,palatino; font-size: 12pt;\">Did\u00e1ctica de la Matem\u00e1tica II <\/span><br \/>\n<span style=\"font-family: georgia,palatino; font-size: 12pt;\">Did\u00e1ctica de las Ciencias Sociales II <\/span><br \/>\n<span style=\"font-family: georgia,palatino; font-size: 12pt;\">Did\u00e1ctica de las Ciencias Naturales II <\/span><br \/>\n<span style=\"font-family: georgia,palatino; font-size: 12pt;\">Arte y Educaci\u00f3n <\/span><br \/>\n<span style=\"font-family: georgia,palatino; font-size: 12pt;\">E.D.I <\/span><br \/>\n<span style=\"font-family: georgia,palatino; font-size: 12pt;\">Campo de la pr\u00e1ctica II<\/span><\/p>\n<p><span style=\"font-family: georgia,palatino; font-size: 12pt;\"><strong>Tercer a\u00f1o<\/strong><\/span><br \/>\n<span style=\"font-family: georgia,palatino; font-size: 12pt;\">Psicolog\u00eda del Desarrollo y del Aprendizaje III <\/span><br \/>\n<span style=\"font-family: georgia,palatino; font-size: 12pt;\">Abordaje Psicopedag\u00f3gico de los Sujetos con Discapacidad <\/span><br \/>\n<span style=\"font-family: georgia,palatino; font-size: 12pt;\">Historia, Pol\u00edtica y legislaci\u00f3n educativa Argentina <\/span><br \/>\n<span style=\"font-family: georgia,palatino; font-size: 12pt;\">Anatomofisiolog\u00eda y Patolog\u00eda de la Audici\u00f3n y la Fonaci\u00f3n <\/span><br \/>\n<span style=\"font-family: georgia,palatino; font-size: 12pt;\">Espa\u00f1ol <\/span><br \/>\n<span style=\"font-family: georgia,palatino; font-size: 12pt;\">Curr\u00edculo y Discapacidad Auditiva <\/span><br \/>\n<span style=\"font-family: georgia,palatino; font-size: 12pt;\">Did\u00e1ctica de la Lengua oral I <\/span><br \/>\n<span style=\"font-family: georgia,palatino; font-size: 12pt;\">Lengua de Se\u00f1as Argentinas <\/span><br \/>\n<span style=\"font-family: georgia,palatino; font-size: 12pt;\">Atenci\u00f3n Temprana del Desarrollo Infantil <\/span><br \/>\n<span style=\"font-family: georgia,palatino; font-size: 12pt;\">E.D.I. <\/span><br \/>\n<span style=\"font-family: georgia,palatino; font-size: 12pt;\">Campo de la Pr\u00e1ctica III<\/span><\/p>\n<p><strong><span style=\"font-family: georgia,palatino; font-size: 12pt;\">Cuarto a\u00f1o<\/span><\/strong><span style=\"font-family: georgia,palatino; font-size: 12pt;\"><br \/>\n<\/span><\/p>\n<p><span style=\"font-family: georgia,palatino; font-size: 12pt;\">Reflexi\u00f3n Filos\u00f3fica de la educaci\u00f3n<\/span><br \/>\n<span style=\"font-family: georgia,palatino; font-size: 12pt;\">Dimensi\u00f3n \u00e9tico pol\u00edtica de la praxis docente<\/span><br \/>\n<span style=\"font-family: georgia,palatino; font-size: 12pt;\">Interacciones Sociales<\/span><br \/>\n<span style=\"font-family: georgia,palatino; font-size: 12pt;\">Psicopatolog\u00eda<\/span><br \/>\n<span style=\"font-family: georgia,palatino; font-size: 12pt;\">Did\u00e1ctica de la lengua oral II<\/span><br \/>\n<span style=\"font-family: georgia,palatino; font-size: 12pt;\">Did\u00e1ctica de la lengua escrita II<\/span><br \/>\n<span style=\"font-family: georgia,palatino; font-size: 12pt;\">Lengua de Se\u00f1as Argentinas<\/span><br \/>\n<span style=\"font-family: georgia,palatino; font-size: 12pt;\">Formaci\u00f3n laboral<\/span><br \/>\n<span style=\"font-family: georgia,palatino; font-size: 12pt;\">Psicosocioling\u00fb\u00efstica<\/span><br \/>\n<span style=\"font-family: georgia,palatino; font-size: 12pt;\">Educaci\u00f3n y Nuevas tecnolog\u00edas<\/span><br \/>\n<span style=\"font-family: georgia,palatino; font-size: 12pt;\">Pol\u00edtica y legislaci\u00f3n referida a la discapacidad<\/span><br \/>\n<span style=\"font-family: georgia,palatino; font-size: 12pt;\">E.D.I <\/span><br \/>\n<span style=\"font-family: georgia,palatino; font-size: 12pt;\">Campo d la Pr\u00e1ctica IV<\/span><\/p>\n","protected":false},"excerpt":{"rendered":"<p>Primer a\u00f1o com\u00fan a todas las orientaciones(intelectual, neuromotora, sordos e hipoac\u00fasicos, ciegos y disminu\u00eddos visuales) Taller de lectura escritura y oralidad Taller de pensamiento l\u00f3gico matem\u00e1tico Psicolog\u00eda del Desarrollo y el Aprendizaje Corporeidad y Motricidad Filosof\u00eda Did\u00e1ctica General Pedagog\u00eda An\u00e1lisis del Mundo Contempor\u00e1neo Introducci\u00f3n a la Educaci\u00f3n Especial Did\u00e1ctica de Pr\u00e1cticas del Lenguaje I Did\u00e1ctica &#8230; <a title=\"Plan de Estudio Modalidad:  Sordos e Hipoac\u00fasicos\" class=\"read-more\" href=\"https:\/\/isfd77-bue.infd.edu.ar\/sitio\/plan-de-estudio-modalidad-sordos-e-hipoacusicos\/\" aria-label=\"More on Plan de Estudio Modalidad:  Sordos e Hipoac\u00fasicos\">[+]<\/a><\/p>\n","protected":false},"author":1201,"featured_media":0,"parent":0,"menu_order":0,"comment_status":"closed","ping_status":"closed","template":"","meta":[],"acf":[],"_links":{"self":[{"href":"https:\/\/isfd77-bue.infd.edu.ar\/sitio\/wp-json\/wp\/v2\/pages\/772"}],"collection":[{"href":"https:\/\/isfd77-bue.infd.edu.ar\/sitio\/wp-json\/wp\/v2\/pages"}],"about":[{"href":"https:\/\/isfd77-bue.infd.edu.ar\/sitio\/wp-json\/wp\/v2\/types\/page"}],"author":[{"embeddable":true,"href":"https:\/\/isfd77-bue.infd.edu.ar\/sitio\/wp-json\/wp\/v2\/users\/1201"}],"replies":[{"embeddable":true,"href":"https:\/\/isfd77-bue.infd.edu.ar\/sitio\/wp-json\/wp\/v2\/comments?post=772"}],"version-history":[{"count":1,"href":"https:\/\/isfd77-bue.infd.edu.ar\/sitio\/wp-json\/wp\/v2\/pages\/772\/revisions"}],"predecessor-version":[{"id":877,"href":"https:\/\/isfd77-bue.infd.edu.ar\/sitio\/wp-json\/wp\/v2\/pages\/772\/revisions\/877"}],"wp:attachment":[{"href":"https:\/\/isfd77-bue.infd.edu.ar\/sitio\/wp-json\/wp\/v2\/media?parent=772"}],"curies":[{"name":"wp","href":"https:\/\/api.w.org\/{rel}","templated":true}]}}